{"id":1359,"date":"2021-09-29T10:00:37","date_gmt":"2021-09-29T08:00:37","guid":{"rendered":"https:\/\/www.bonisson.com\/?page_id=1359"},"modified":"2023-04-26T14:39:50","modified_gmt":"2023-04-26T12:39:50","slug":"bernard-aubertin","status":"publish","type":"page","link":"https:\/\/www.bonisson.com\/en\/bonisson-art-center\/bernard-aubertin\/","title":{"rendered":"Bernard Aubertin"},"content":{"rendered":"<p>[vc_row css=&#8221;.vc_custom_1638544665820{background-image: url(https:\/\/www.bonisson.com\/wp-content\/uploads\/2021\/12\/s1_aubertin_gvoinot-1617.jpg?id=1497) !important;background-position: center !important;background-repeat: no-repeat !important;background-size: cover !important;}&#8221;][vc_column][vc_row_inner content_placement=&#8221;middle&#8221; css=&#8221;.vc_custom_1622003765931{padding-top: 10em !important;padding-bottom: 10em !important;}&#8221;][vc_column_inner width=&#8221;1\/12&#8243;][\/vc_column_inner][vc_column_inner width=&#8221;1\/2&#8243;][vc_column_text css=&#8221;.vc_custom_1634105440957{padding-top: 15px !important;padding-right: 25px !important;padding-bottom: 15px !important;padding-left: 25px !important;background-color: rgba(232,226,204,0.63) !important;*background-color: rgb(232,226,204) !important;}&#8221;]<\/p>\n<div class=\"wp-block-cover__inner-container\">\n<div class=\"wp-block-group page-title\">\n<div class=\"wp-block-group__inner-container\">\n<h1>&#8220;\u00c0 FEU ET \u00c0 SANG&#8221;<\/h1>\n<h2>16 OCTOBER 2021 &#8211; 13 FEBRUARY 2022<\/h2>\n<h4>THE NEW EXHIBITION AT THE BONISSON ART CENTER, DEVOTED TO BERNARD AUBERTIN<\/h4>\n<\/div>\n<\/div>\n<\/div>\n<p>[\/vc_column_text][\/vc_column_inner][vc_column_inner width=&#8221;5\/12&#8243;][\/vc_column_inner][\/vc_row_inner][\/vc_column][\/vc_row][vc_row css=&#8221;.vc_custom_1622002078054{padding-right: 35px !important;padding-left: 35px !important;}&#8221;][vc_column width=&#8221;1\/12&#8243;][\/vc_column][vc_column width=&#8221;10\/12&#8243;][vc_column_text]<strong>After the success of the exhibitions by Georges Rousse, then Nicolas Chardon and Michel Verjux, the Bonisson Art Center will pay tribute to another master of contemporary art, Bernard Aubertin (1934-2015).<\/strong><\/p>\n<p><strong>From 16 October 2021 to 13 February 2022, visitors to the Bonisson Art Center can see \u201cA\u0300 feu et a\u0300 sang\u201d (Of blood and fire), a retrospective of works by Aubertin between 1958 and 2015, on his favourite themes: the colour red and fire. This exhibition was designed with kind and expert help from Jean Brolly, who showed Bernard Aubertin\u2019s work in his gallery for 12 years.<\/strong><\/p>\n<p>Admission to the Bonisson Art Center is free and open to all, thanks to the commitment of its founder, Christian Le Dorze, to give everyone free access to contemporary art. His passion for art stretches back many years and spurred him to open the Bonisson Art Center to share and promote the work of artists he particularly appreciates (mediation courses for school groups and adults).[\/vc_column_text][vc_text_separator title=&#8221;A\u0300 feu et a\u0300 sang&#8221; color=&#8221;custom&#8221; el_width=&#8221;50&#8243; accent_color=&#8221;#af2855&#8243; css=&#8221;.vc_custom_1633682356229{margin-bottom: 0px !important;}&#8221; el_class=&#8221;titre-feu&#8221;][vc_column_text css=&#8221;.vc_custom_1634105564730{padding-top: 15px !important;}&#8221;]<\/p>\n<p style=\"text-align: center;\"><strong>A RETROSPECTIVE OF BERNARD AUBERTIN<\/strong><\/p>\n<p>[\/vc_column_text][vc_row_inner][vc_column_inner width=&#8221;1\/4&#8243;][vc_single_image image=&#8221;1365&#8243; img_size=&#8221;medium&#8221; alignment=&#8221;center&#8221;][\/vc_column_inner][vc_column_inner width=&#8221;3\/4&#8243;][vc_empty_space][vc_column_text]Born in 1934 at Fontenay-aux-Roses, Bernard Aubertin studied Decorative Arts. A figurative painter in the 1950s, he felt he was at an artistic dead-end. On meeting Yves Klein in 1957, he experienced a real emotional shock that marked a turning point in his artistic career. He decided that he too would keep to one single, pure colour, the best way of ridding himself of the painter\u2019s necessarily subjective stance. He chose red, the symbol of blood, the heart and of the element Fire, red rooted in molten earth, in the concrete and real world.<\/p>\n<p>In 1958 he created his first series of red monochromes. This colour can be felt physically in his works, a sensation he adds to by working with different textures (nails, bolts, screws, bits of wire, wood shavings, sponges, etc.) where light vibrates with matter. He meticulously structures and organises the space of the painting to create, with each one, a \u201cmoment of pictorial reality\u201d.<\/p>\n<blockquote>\n<p><em>\u00ab A monochromist approaches the action of creativity deprived of his Ego. He seeks absolute clarity by erasing his personality. The monochrome expresses the art of sublime abstraction.<\/em><i>\u00a0\u00bb.\u00a0<\/i><strong>Bernard Aubertin<\/strong><\/p>\n<\/blockquote>\n<p>[\/vc_column_text][\/vc_column_inner][\/vc_row_inner][vc_row_inner][vc_column_inner width=&#8221;1\/6&#8243;][\/vc_column_inner][vc_column_inner width=&#8221;2\/3&#8243;][vc_column_text css=&#8221;.vc_custom_1634105652032{margin-bottom: 5px !important;}&#8221;]<\/p>\n<div style=\"text-align: center;\"><strong>THE EXHIBITION \u201cA\u0300 FEU ET A\u0300 SANG\u201d IS DIVIDED INTO FOUR MAIN THEMES:<br \/>\nRED, FIRE, GOLD, AND BLACK AND WHITE.<\/strong><\/div>\n<p>[\/vc_column_text][vc_separator color=&#8221;custom&#8221; el_width=&#8221;10&#8243; accent_color=&#8221;#af2855&#8243; css=&#8221;.vc_custom_1633683092794{margin-bottom: 0px !important;padding-top: 5px !important;padding-bottom: 5px !important;}&#8221;][vc_column_text css=&#8221;.vc_custom_1634105667631{margin-top: 5px !important;}&#8221;]<\/p>\n<div style=\"text-align: center;\">\n<div style=\"text-align: center;\"><strong>THE ARRANGEMENT BY CURATOR JEAN BROLLY OFFERS AN OVERVIEW OF THE WORK OF BERNARD AUBERTIN, AND INCLUDES DOCUMENTATION ABOUT THE ARTIST\u2019S LIFE.\u00a0<\/strong><\/div>\n<\/div>\n<p>[\/vc_column_text][\/vc_column_inner][vc_column_inner width=&#8221;1\/6&#8243;][\/vc_column_inner][\/vc_row_inner][vc_row_inner][vc_column_inner width=&#8221;1\/2&#8243;][vc_single_image image=&#8221;1555&#8243; img_size=&#8221;full&#8221; alignment=&#8221;center&#8221;][\/vc_column_inner][vc_column_inner width=&#8221;1\/2&#8243;][vc_single_image image=&#8221;1553&#8243; img_size=&#8221;full&#8221; alignment=&#8221;center&#8221;][\/vc_column_inner][\/vc_row_inner][vc_row_inner][vc_column_inner width=&#8221;1\/3&#8243;][vc_single_image image=&#8221;1561&#8243; img_size=&#8221;full&#8221; alignment=&#8221;center&#8221;][\/vc_column_inner][vc_column_inner width=&#8221;1\/3&#8243;][vc_single_image image=&#8221;1557&#8243; img_size=&#8221;full&#8221; alignment=&#8221;center&#8221;][\/vc_column_inner][vc_column_inner width=&#8221;1\/3&#8243;][vc_single_image image=&#8221;1559&#8243; img_size=&#8221;full&#8221; alignment=&#8221;center&#8221;][\/vc_column_inner][\/vc_row_inner][vc_row_inner][vc_column_inner width=&#8221;1\/2&#8243;][vc_single_image image=&#8221;1565&#8243; img_size=&#8221;full&#8221; alignment=&#8221;center&#8221;][\/vc_column_inner][vc_column_inner width=&#8221;1\/2&#8243;][vc_single_image image=&#8221;1563&#8243; img_size=&#8221;full&#8221; alignment=&#8221;center&#8221;][\/vc_column_inner][\/vc_row_inner][\/vc_column][vc_column width=&#8221;1\/12&#8243;][\/vc_column][\/vc_row][vc_row css=&#8221;.vc_custom_1622002078054{padding-right: 35px !important;padding-left: 35px !important;}&#8221;][\/vc_row][vc_column width=&#8221;1\/12&#8243;][\/vc_column][vc_column width=&#8221;10\/12&#8243;][\/vc_column][vc_column_text][\/vc_column_text]<\/p>\n","protected":false},"excerpt":{"rendered":"<p>[vc_row css=&#8221;.vc_custom_1638544665820{background-image: url(https:\/\/www.bonisson.com\/wp-content\/uploads\/2021\/12\/s1_aubertin_gvoinot-1617.jpg?id=1497) !important;background-position: center !important;background-repeat: no-repeat !important;background-size: cover !important;}&#8221;][vc_column][vc_row_inner content_placement=&#8221;middle&#8221; css=&#8221;.vc_custom_1622003765931{padding-top: 10em !important;padding-bottom: 10em !important;}&#8221;][vc_column_inner width=&#8221;1\/12&#8243;][\/vc_column_inner][vc_column_inner width=&#8221;1\/2&#8243;][vc_column_text css=&#8221;.vc_custom_1634105440957{padding-top: 15px !important;padding-right: 25px !important;padding-bottom: 15px !important;padding-left: 25px !important;background-color: rgba(232,226,204,0.63) !important;*background-color: rgb(232,226,204) !important;}&#8221;] &#8220;\u00c0 FEU ET \u00c0 &#8230;<\/p>\n","protected":false},"author":2,"featured_media":0,"parent":440,"menu_order":0,"comment_status":"closed","ping_status":"closed","template":"","meta":[],"yoast_head":"<!-- This site is optimized with the Yoast SEO plugin v18.1 - https:\/\/yoast.com\/wordpress\/plugins\/seo\/ -->\n<meta name=\"description\" content=\"Exposition photographique George Rousse au Centre d\u2019art contemporain Bonisson \u00e0 Aix-en-Provence de D\u00e9cembre 2020 \u00e0 Fevrier 2021\" \/>\n<meta name=\"robots\" content=\"index, follow, max-snippet:-1, max-image-preview:large, max-video-preview:-1\" \/>\n<link rel=\"canonical\" href=\"https:\/\/www.bonisson.com\/en\/bonisson-art-center\/bernard-aubertin\/\" \/>\n<meta property=\"og:locale\" content=\"en_US\" \/>\n<meta property=\"og:type\" content=\"article\" \/>\n<meta property=\"og:title\" content=\"Bernard Aubertin | Centre d&#039;art contemporain Bonisson\" \/>\n<meta property=\"og:description\" content=\"Exposition photographique George Rousse au Centre d\u2019art contemporain Bonisson \u00e0 Aix-en-Provence de D\u00e9cembre 2020 \u00e0 Fevrier 2021\" \/>\n<meta property=\"og:url\" content=\"https:\/\/www.bonisson.com\/en\/bonisson-art-center\/bernard-aubertin\/\" \/>\n<meta property=\"og:site_name\" content=\"Ch\u00e2teau Bonisson\" \/>\n<meta property=\"article:modified_time\" content=\"2023-04-26T12:39:50+00:00\" \/>\n<meta name=\"twitter:card\" content=\"summary_large_image\" \/>\n<script type=\"application\/ld+json\" class=\"yoast-schema-graph\">{\"@context\":\"https:\/\/schema.org\",\"@graph\":[{\"@type\":\"Organization\",\"@id\":\"https:\/\/www.bonisson.com\/#organization\",\"name\":\"Bonisson\",\"url\":\"https:\/\/www.bonisson.com\/\",\"sameAs\":[],\"logo\":{\"@type\":\"ImageObject\",\"@id\":\"https:\/\/www.bonisson.com\/#logo\",\"inLanguage\":\"en-US\",\"url\":\"https:\/\/www.bonisson.com\/wp-content\/uploads\/2020\/07\/logo-bonisson_normal.png\",\"contentUrl\":\"https:\/\/www.bonisson.com\/wp-content\/uploads\/2020\/07\/logo-bonisson_normal.png\",\"width\":241,\"height\":90,\"caption\":\"Bonisson\"},\"image\":{\"@id\":\"https:\/\/www.bonisson.com\/#logo\"}},{\"@type\":\"WebSite\",\"@id\":\"https:\/\/www.bonisson.com\/#website\",\"url\":\"https:\/\/www.bonisson.com\/\",\"name\":\"Ch\u00e2teau Bonisson\",\"description\":\"La Fresh Perspective\",\"publisher\":{\"@id\":\"https:\/\/www.bonisson.com\/#organization\"},\"potentialAction\":[{\"@type\":\"SearchAction\",\"target\":{\"@type\":\"EntryPoint\",\"urlTemplate\":\"https:\/\/www.bonisson.com\/?s={search_term_string}\"},\"query-input\":\"required name=search_term_string\"}],\"inLanguage\":\"en-US\"},{\"@type\":\"WebPage\",\"@id\":\"https:\/\/www.bonisson.com\/en\/bonisson-art-center\/bernard-aubertin\/#webpage\",\"url\":\"https:\/\/www.bonisson.com\/en\/bonisson-art-center\/bernard-aubertin\/\",\"name\":\"Bernard Aubertin | Centre d'art contemporain Bonisson\",\"isPartOf\":{\"@id\":\"https:\/\/www.bonisson.com\/#website\"},\"datePublished\":\"2021-09-29T08:00:37+00:00\",\"dateModified\":\"2023-04-26T12:39:50+00:00\",\"description\":\"Exposition photographique George Rousse au Centre d\u2019art contemporain Bonisson \u00e0 Aix-en-Provence de D\u00e9cembre 2020 \u00e0 Fevrier 2021\",\"breadcrumb\":{\"@id\":\"https:\/\/www.bonisson.com\/en\/bonisson-art-center\/bernard-aubertin\/#breadcrumb\"},\"inLanguage\":\"en-US\",\"potentialAction\":[{\"@type\":\"ReadAction\",\"target\":[\"https:\/\/www.bonisson.com\/en\/bonisson-art-center\/bernard-aubertin\/\"]}]},{\"@type\":\"BreadcrumbList\",\"@id\":\"https:\/\/www.bonisson.com\/en\/bonisson-art-center\/bernard-aubertin\/#breadcrumb\",\"itemListElement\":[{\"@type\":\"ListItem\",\"position\":1,\"name\":\"Accueil\",\"item\":\"https:\/\/www.bonisson.com\/en\/\"},{\"@type\":\"ListItem\",\"position\":2,\"name\":\"Bonisson Art Center\",\"item\":\"https:\/\/www.bonisson.com\/en\/bonisson-art-center\/\"},{\"@type\":\"ListItem\",\"position\":3,\"name\":\"Bernard Aubertin\"}]}]}<\/script>\n<!-- \/ Yoast SEO plugin. -->","yoast_head_json":{"description":"Exposition photographique George Rousse au Centre d\u2019art contemporain Bonisson \u00e0 Aix-en-Provence de D\u00e9cembre 2020 \u00e0 Fevrier 2021","robots":{"index":"index","follow":"follow","max-snippet":"max-snippet:-1","max-image-preview":"max-image-preview:large","max-video-preview":"max-video-preview:-1"},"canonical":"https:\/\/www.bonisson.com\/en\/bonisson-art-center\/bernard-aubertin\/","og_locale":"en_US","og_type":"article","og_title":"Bernard Aubertin | Centre d'art contemporain Bonisson","og_description":"Exposition photographique George Rousse au Centre d\u2019art contemporain Bonisson \u00e0 Aix-en-Provence de D\u00e9cembre 2020 \u00e0 Fevrier 2021","og_url":"https:\/\/www.bonisson.com\/en\/bonisson-art-center\/bernard-aubertin\/","og_site_name":"Ch\u00e2teau Bonisson","article_modified_time":"2023-04-26T12:39:50+00:00","twitter_card":"summary_large_image","schema":{"@context":"https:\/\/schema.org","@graph":[{"@type":"Organization","@id":"https:\/\/www.bonisson.com\/#organization","name":"Bonisson","url":"https:\/\/www.bonisson.com\/","sameAs":[],"logo":{"@type":"ImageObject","@id":"https:\/\/www.bonisson.com\/#logo","inLanguage":"en-US","url":"https:\/\/www.bonisson.com\/wp-content\/uploads\/2020\/07\/logo-bonisson_normal.png","contentUrl":"https:\/\/www.bonisson.com\/wp-content\/uploads\/2020\/07\/logo-bonisson_normal.png","width":241,"height":90,"caption":"Bonisson"},"image":{"@id":"https:\/\/www.bonisson.com\/#logo"}},{"@type":"WebSite","@id":"https:\/\/www.bonisson.com\/#website","url":"https:\/\/www.bonisson.com\/","name":"Ch\u00e2teau Bonisson","description":"La Fresh Perspective","publisher":{"@id":"https:\/\/www.bonisson.com\/#organization"},"potentialAction":[{"@type":"SearchAction","target":{"@type":"EntryPoint","urlTemplate":"https:\/\/www.bonisson.com\/?s={search_term_string}"},"query-input":"required name=search_term_string"}],"inLanguage":"en-US"},{"@type":"WebPage","@id":"https:\/\/www.bonisson.com\/en\/bonisson-art-center\/bernard-aubertin\/#webpage","url":"https:\/\/www.bonisson.com\/en\/bonisson-art-center\/bernard-aubertin\/","name":"Bernard Aubertin | Centre d'art contemporain Bonisson","isPartOf":{"@id":"https:\/\/www.bonisson.com\/#website"},"datePublished":"2021-09-29T08:00:37+00:00","dateModified":"2023-04-26T12:39:50+00:00","description":"Exposition photographique George Rousse au Centre d\u2019art contemporain Bonisson \u00e0 Aix-en-Provence de D\u00e9cembre 2020 \u00e0 Fevrier 2021","breadcrumb":{"@id":"https:\/\/www.bonisson.com\/en\/bonisson-art-center\/bernard-aubertin\/#breadcrumb"},"inLanguage":"en-US","potentialAction":[{"@type":"ReadAction","target":["https:\/\/www.bonisson.com\/en\/bonisson-art-center\/bernard-aubertin\/"]}]},{"@type":"BreadcrumbList","@id":"https:\/\/www.bonisson.com\/en\/bonisson-art-center\/bernard-aubertin\/#breadcrumb","itemListElement":[{"@type":"ListItem","position":1,"name":"Accueil","item":"https:\/\/www.bonisson.com\/en\/"},{"@type":"ListItem","position":2,"name":"Bonisson Art Center","item":"https:\/\/www.bonisson.com\/en\/bonisson-art-center\/"},{"@type":"ListItem","position":3,"name":"Bernard Aubertin"}]}]}},"_links":{"self":[{"href":"https:\/\/www.bonisson.com\/en\/wp-json\/wp\/v2\/pages\/1359"}],"collection":[{"href":"https:\/\/www.bonisson.com\/en\/wp-json\/wp\/v2\/pages"}],"about":[{"href":"https:\/\/www.bonisson.com\/en\/wp-json\/wp\/v2\/types\/page"}],"author":[{"embeddable":true,"href":"https:\/\/www.bonisson.com\/en\/wp-json\/wp\/v2\/users\/2"}],"replies":[{"embeddable":true,"href":"https:\/\/www.bonisson.com\/en\/wp-json\/wp\/v2\/comments?post=1359"}],"version-history":[{"count":22,"href":"https:\/\/www.bonisson.com\/en\/wp-json\/wp\/v2\/pages\/1359\/revisions"}],"predecessor-version":[{"id":2363,"href":"https:\/\/www.bonisson.com\/en\/wp-json\/wp\/v2\/pages\/1359\/revisions\/2363"}],"up":[{"embeddable":true,"href":"https:\/\/www.bonisson.com\/en\/wp-json\/wp\/v2\/pages\/440"}],"wp:attachment":[{"href":"https:\/\/www.bonisson.com\/en\/wp-json\/wp\/v2\/media?parent=1359"}],"curies":[{"name":"wp","href":"https:\/\/api.w.org\/{rel}","templated":true}]}}