{"id":2498,"date":"2023-04-25T17:45:08","date_gmt":"2023-04-25T15:45:08","guid":{"rendered":"https:\/\/www.bonisson.com\/bonisson-art-center\/leon-wuidar\/"},"modified":"2024-09-12T13:09:04","modified_gmt":"2024-09-12T11:09:04","slug":"deux-et-deux-font-un","status":"publish","type":"page","link":"https:\/\/www.bonisson.com\/en\/bonisson-art-center\/deux-et-deux-font-un\/","title":{"rendered":"Exposition actuelle"},"content":{"rendered":"<p>[vc_row css=&#8221;.vc_custom_1726138411407{background-image: url(https:\/\/www.bonisson.com\/wp-content\/uploads\/2024\/06\/Fond-page-web-1.png?id=3225) !important;background-position: center !important;background-repeat: no-repeat !important;background-size: cover !important;}&#8221;][vc_column][vc_row_inner content_placement=&#8221;middle&#8221; css=&#8221;.vc_custom_1622003765931{padding-top: 10em !important;padding-bottom: 10em !important;}&#8221;][vc_column_inner width=&#8221;1\/6&#8243;][\/vc_column_inner][vc_column_inner width=&#8221;2\/3&#8243;][vc_column_text css=&#8221;.vc_custom_1726138256444{padding-top: 15px !important;padding-right: 25px !important;padding-bottom: 15px !important;padding-left: 25px !important;background-color: rgba(249,249,249,0.63) !important;*background-color: rgb(249,249,249) !important;}&#8221;]<\/p>\n<div class=\"wp-block-cover__inner-container\">\n<div class=\"wp-block-group page-title\">\n<div class=\"wp-block-group__inner-container\">\n<h1><em>Deux et deux font un<\/em><\/h1>\n<h2>Olivier Mosset | Alain Biltereyst<br \/>\nLionel Est\u00e8ve | Charlotte vander Borght<\/h2>\n<h2>From September 21th, 2024 to January 26th, 2025<\/h2>\n<\/div>\n<\/div>\n<\/div>\n<p>[\/vc_column_text][\/vc_column_inner][vc_column_inner width=&#8221;1\/6&#8243;][\/vc_column_inner][\/vc_row_inner][\/vc_column][\/vc_row][vc_row][vc_column width=&#8221;1\/6&#8243;][\/vc_column][vc_column width=&#8221;1\/6&#8243;][vc_single_image image=&#8221;3228&#8243; img_size=&#8221;300&#215;300&#8243; alignment=&#8221;center&#8221;][vc_column_text css=&#8221;.vc_custom_1726139325448{margin-top: -40px !important;}&#8221;]<\/p>\n<h6 style=\"text-align: center;\">Olivier Mosset<\/h6>\n<p>[\/vc_column_text][\/vc_column][vc_column width=&#8221;1\/6&#8243;][vc_single_image image=&#8221;3216&#8243; img_size=&#8221;300&#215;300&#8243; alignment=&#8221;center&#8221;][vc_column_text css=&#8221;.vc_custom_1726139296820{margin-top: -40px !important;}&#8221;]<\/p>\n<h6 style=\"text-align: center;\">Alain Biltereyst<\/h6>\n<p>[\/vc_column_text][\/vc_column][vc_column width=&#8221;1\/6&#8243;][vc_single_image image=&#8221;3214&#8243; img_size=&#8221;300&#215;300&#8243; alignment=&#8221;center&#8221;][vc_column_text css=&#8221;.vc_custom_1726139332486{margin-top: -40px !important;}&#8221;]<\/p>\n<h6 style=\"text-align: center;\">Lionel Est\u00e8ve<\/h6>\n<p>[\/vc_column_text][\/vc_column][vc_column width=&#8221;1\/6&#8243;][vc_single_image image=&#8221;3218&#8243; img_size=&#8221;300&#215;300&#8243; alignment=&#8221;center&#8221;][vc_column_text css=&#8221;.vc_custom_1726139339151{margin-top: -40px !important;}&#8221;]<\/p>\n<h6 style=\"text-align: center;\">Charlotte vander Borght<\/h6>\n<p>[\/vc_column_text][\/vc_column][vc_column width=&#8221;1\/6&#8243;][\/vc_column][\/vc_row][vc_row][vc_column width=&#8221;1\/6&#8243;][\/vc_column][vc_column width=&#8221;2\/3&#8243;][vc_separator][vc_column_text]To end the year 2024 and as a continuation of the current exhibition \u201c\u2026Less is more\u2026 40 years of minimal art at Frac Sud\u201d, the Bonisson Art Center wanted to bring together the works of 4 artists: Olivier Mosset, Alain Biltereyst, Lionel Est\u00e8ve and Charlotte vander Borght. The title of exhibitions two and two refers to the eponymous bronze sculpture by Max Ernst created in 1956.<\/p>\n<p>While reflecting the constantly renewed richness and diversity of avenues of research explored over the past 60 years by successive generations of artists following the minimal art trend, the works presented in this exhibition bear witness to the permanence of an aesthetic approach which tirelessly questions the visual experience and the viewer&#8217;s relationship to space and to the work.<\/p>\n<p>This exhibition is produced thanks to the friendly support and curatorship of Albert Baronian, a great figure and major player in contemporary art in Belgium for over 50 years.[\/vc_column_text][vc_separator][vc_column_text]<\/p>\n<p style=\"text-align: center;\">The exhibition is open to the public during opening hours, Tuesday to Sunday, 1:30pm to 6:30pm.<br \/>\nGuided visits of the exhibition are available on Sundays at 4pm, by prior arrangement:<br \/>\nIn French, by clicking the link below or in English by contacting us by email on contact@bonisson.com.<\/p>\n<p>[\/vc_column_text][vc_btn title=&#8221;Book a guided visit (in French)&#8221; color=&#8221;peacoc&#8221; align=&#8221;center&#8221; link=&#8221;url:https%3A%2F%2Fwww.bonisson.com%2Fvisite-guidee-bonisson%2F|target:_blank&#8221;][vc_separator][\/vc_column][vc_column width=&#8221;1\/6&#8243;][\/vc_column][\/vc_row][vc_row][vc_column width=&#8221;1\/4&#8243;][\/vc_column][vc_column width=&#8221;1\/4&#8243;][vc_column_text]<\/p>\n<h4 style=\"text-align: center;\">Olivier Mosset<\/h4>\n<p>[\/vc_column_text][vc_single_image image=&#8221;3232&#8243; img_size=&#8221;300&#215;300&#8243; alignment=&#8221;center&#8221;][vc_column_text]Olivier Mosset, born in 1944 in Bern (Switzerland), lives and works in Tucson (Arizona) and in Switzerland.<br \/>\nHe is one of the central figures of post-war abstract painting and an essential reference for several generations of European and American painters. An actor in the short-lived BMPT movement in 1967, his art is direct and obvious, removing figuration, subjectivity, symbols and metaphors in a practice in search of formal rigor and the physical origins of painting. The series of circles that he tirelessly painted during the 1960s, opposing traditional European painting, whether figurative or abstract, is among the most frequently commented on works of this period. Geometric abstraction, monochrome then post-abstraction, his work is based on a principle of neutrality, radicality and erasure which constantly questions the limits of painting. Combined with conceptual abstraction, Mosset&#8217;s works represent color and pure form, inviting us to the open physical experience of surface, scale and pattern.[\/vc_column_text][\/vc_column][vc_column width=&#8221;1\/4&#8243;][vc_column_text]<\/p>\n<h4 style=\"text-align: center;\">Alain Biltereyst<\/h4>\n<p>[\/vc_column_text][vc_single_image image=&#8221;3236&#8243; img_size=&#8221;300&#215;300&#8243; alignment=&#8221;center&#8221;][vc_column_text]Alain Biltereyst, born in 1965 in Brussels (Belgium), lives and works in Brussels.<br \/>\nHis abstract works are testimony to his interest in the visual language of our urban environment. He has always been fascinated by the extreme functionality of commercial signage and how these supports attract our attention. He draws inspiration from the commercial signage and graphic design work he encounters on streets, billboards and transportation vehicles. Freeing himself from any narrative constraints, he offers us a purely visual and material experience. Transposed from the public space to the intimacy of the art center, the world of graffiti and that of advertising coexist harmoniously. It refers to the tradition of abstract painting while offering its own vocabulary. He manages to bring yesterday\u2019s visual language back to life by updating its colors and shapes.[\/vc_column_text][\/vc_column][vc_column width=&#8221;1\/4&#8243;][\/vc_column][\/vc_row][vc_row][vc_column][vc_separator][\/vc_column][\/vc_row][vc_row][vc_column width=&#8221;1\/4&#8243;][\/vc_column][vc_column width=&#8221;1\/4&#8243;][vc_column_text]<\/p>\n<h4 style=\"text-align: center;\">Lionel Est\u00e8ve<\/h4>\n<p>[\/vc_column_text][vc_single_image image=&#8221;3239&#8243; img_size=&#8221;300&#215;300&#8243; alignment=&#8221;center&#8221;][vc_column_text]Lionel Est\u00e8ve, born in Lyon in 1967, lives and works in Brussels (Belgium).<br \/>\nThe work of Lionel Est\u00e8ve lies at the crossroads of drawing, sculpture and installation. Defining himself above all as a sculptor, he evokes the world around us using synthetic materials but also with natural elements. Drawing inspiration from patterns observed in nature, he strives to represent his creations by associating distinctive characteristics of living beings, particularly through anthropomorphic assemblages. His work plays on space, colors and sensory perception and underlines his interest in creative energies and their capture. He thus deploys materials, lines, colors in the interval of the perceptible and the imperceptible. His works manifest informality and fragility and give the impression of an endless reality. His work\u2019s playful interaction with space, color and sensory perception is the result of meticulous research using a wide range of materials. His creations lie between chance, repetition and rigidity.[\/vc_column_text][\/vc_column][vc_column width=&#8221;1\/4&#8243;][vc_column_text]<\/p>\n<h4 style=\"text-align: center;\">Charlotte vander Borght<\/h4>\n<p>[\/vc_column_text][vc_single_image image=&#8221;3241&#8243; img_size=&#8221;300&#215;300&#8243; alignment=&#8221;center&#8221;][vc_column_text]Charlotte vander Borght, born in 1988 in Brussels, lives and works between New York and Brussels.<br \/>\nWhether sculpture or photography, his work focuses on the materiality of industry and architecture. She focuses her practice around sculpture, sometimes by using models of New York subway seats, sometimes by offering larger-scale outdoor works. Drawing on pictorial history, architecture and design, the artist constantly reinterprets industrial production, both from the point of view of forms and that of materials. His works are as many witnesses who try to catch, pause and reflect on our constantly changing times in which permanent acceleration and planned obsolescence have become the new norms. Oscillating between abstraction and figuration, she intends to focus new attention on the everyday object by aestheticizing it.[\/vc_column_text][\/vc_column][vc_column width=&#8221;1\/4&#8243;][\/vc_column][\/vc_row]<\/p>\n","protected":false},"excerpt":{"rendered":"<p>[vc_row css=&#8221;.vc_custom_1726138411407{background-image: url(https:\/\/www.bonisson.com\/wp-content\/uploads\/2024\/06\/Fond-page-web-1.png?id=3225) !important;background-position: center !important;background-repeat: no-repeat !important;background-size: cover !important;}&#8221;][vc_column][vc_row_inner content_placement=&#8221;middle&#8221; css=&#8221;.vc_custom_1622003765931{padding-top: 10em !important;padding-bottom: 10em !important;}&#8221;][vc_column_inner width=&#8221;1\/6&#8243;][\/vc_column_inner][vc_column_inner width=&#8221;2\/3&#8243;][vc_column_text css=&#8221;.vc_custom_1726138256444{padding-top: 15px !important;padding-right: 25px !important;padding-bottom: 15px !important;padding-left: 25px !important;background-color: rgba(249,249,249,0.63) !important;*background-color: rgb(249,249,249) !important;}&#8221;] Deux et deux font &#8230;<\/p>\n","protected":false},"author":2,"featured_media":0,"parent":440,"menu_order":0,"comment_status":"closed","ping_status":"closed","template":"","meta":[],"yoast_head":"<!-- This site is optimized with the Yoast SEO plugin v18.1 - https:\/\/yoast.com\/wordpress\/plugins\/seo\/ -->\n<meta name=\"description\" content=\"Cette esth\u00e9tique du mouvement a en effet invent\u00e9 pour l\u2019abstraction un nouveau langage cr\u00e9atif o\u00f9 l\u2019utilisation d\u2019\u00e9l\u00e9ments physiques et de formes g\u00e9om\u00e9triques g\u00e9n\u00e8re des ph\u00e9nom\u00e8nes optiques jouant sur l\u2019instabilit\u00e9 du r\u00e9el et renouvelant la perception de l\u2019espace par le spectateur\" \/>\n<meta name=\"robots\" content=\"index, follow, max-snippet:-1, max-image-preview:large, max-video-preview:-1\" \/>\n<link rel=\"canonical\" href=\"https:\/\/www.bonisson.com\/en\/bonisson-art-center\/deux-et-deux-font-un\/\" \/>\n<meta property=\"og:locale\" content=\"en_US\" \/>\n<meta property=\"og:type\" content=\"article\" \/>\n<meta property=\"og:title\" content=\"Deux et deux font un | Bonisson Art Center\" \/>\n<meta property=\"og:description\" content=\"Cette esth\u00e9tique du mouvement a en effet invent\u00e9 pour l\u2019abstraction un nouveau langage cr\u00e9atif o\u00f9 l\u2019utilisation d\u2019\u00e9l\u00e9ments physiques et de formes g\u00e9om\u00e9triques g\u00e9n\u00e8re des ph\u00e9nom\u00e8nes optiques jouant sur l\u2019instabilit\u00e9 du r\u00e9el et renouvelant la perception de l\u2019espace par le spectateur\" \/>\n<meta property=\"og:url\" content=\"https:\/\/www.bonisson.com\/en\/bonisson-art-center\/deux-et-deux-font-un\/\" \/>\n<meta property=\"og:site_name\" content=\"Ch\u00e2teau Bonisson\" \/>\n<meta property=\"article:modified_time\" content=\"2024-09-12T11:09:04+00:00\" \/>\n<meta name=\"twitter:card\" content=\"summary_large_image\" \/>\n<script type=\"application\/ld+json\" class=\"yoast-schema-graph\">{\"@context\":\"https:\/\/schema.org\",\"@graph\":[{\"@type\":\"Organization\",\"@id\":\"https:\/\/www.bonisson.com\/#organization\",\"name\":\"Bonisson\",\"url\":\"https:\/\/www.bonisson.com\/\",\"sameAs\":[],\"logo\":{\"@type\":\"ImageObject\",\"@id\":\"https:\/\/www.bonisson.com\/#logo\",\"inLanguage\":\"en-US\",\"url\":\"https:\/\/www.bonisson.com\/wp-content\/uploads\/2020\/07\/logo-bonisson_normal.png\",\"contentUrl\":\"https:\/\/www.bonisson.com\/wp-content\/uploads\/2020\/07\/logo-bonisson_normal.png\",\"width\":241,\"height\":90,\"caption\":\"Bonisson\"},\"image\":{\"@id\":\"https:\/\/www.bonisson.com\/#logo\"}},{\"@type\":\"WebSite\",\"@id\":\"https:\/\/www.bonisson.com\/#website\",\"url\":\"https:\/\/www.bonisson.com\/\",\"name\":\"Ch\u00e2teau Bonisson\",\"description\":\"La Fresh Perspective\",\"publisher\":{\"@id\":\"https:\/\/www.bonisson.com\/#organization\"},\"potentialAction\":[{\"@type\":\"SearchAction\",\"target\":{\"@type\":\"EntryPoint\",\"urlTemplate\":\"https:\/\/www.bonisson.com\/?s={search_term_string}\"},\"query-input\":\"required name=search_term_string\"}],\"inLanguage\":\"en-US\"},{\"@type\":\"WebPage\",\"@id\":\"https:\/\/www.bonisson.com\/en\/bonisson-art-center\/deux-et-deux-font-un\/#webpage\",\"url\":\"https:\/\/www.bonisson.com\/en\/bonisson-art-center\/deux-et-deux-font-un\/\",\"name\":\"Deux et deux font un | Bonisson Art Center\",\"isPartOf\":{\"@id\":\"https:\/\/www.bonisson.com\/#website\"},\"datePublished\":\"2023-04-25T15:45:08+00:00\",\"dateModified\":\"2024-09-12T11:09:04+00:00\",\"description\":\"Cette esth\u00e9tique du mouvement a en effet invent\u00e9 pour l\u2019abstraction un nouveau langage cr\u00e9atif o\u00f9 l\u2019utilisation d\u2019\u00e9l\u00e9ments physiques et de formes g\u00e9om\u00e9triques g\u00e9n\u00e8re des ph\u00e9nom\u00e8nes optiques jouant sur l\u2019instabilit\u00e9 du r\u00e9el et renouvelant la perception de l\u2019espace par le spectateur\",\"breadcrumb\":{\"@id\":\"https:\/\/www.bonisson.com\/en\/bonisson-art-center\/deux-et-deux-font-un\/#breadcrumb\"},\"inLanguage\":\"en-US\",\"potentialAction\":[{\"@type\":\"ReadAction\",\"target\":[\"https:\/\/www.bonisson.com\/en\/bonisson-art-center\/deux-et-deux-font-un\/\"]}]},{\"@type\":\"BreadcrumbList\",\"@id\":\"https:\/\/www.bonisson.com\/en\/bonisson-art-center\/deux-et-deux-font-un\/#breadcrumb\",\"itemListElement\":[{\"@type\":\"ListItem\",\"position\":1,\"name\":\"Accueil\",\"item\":\"https:\/\/www.bonisson.com\/en\/\"},{\"@type\":\"ListItem\",\"position\":2,\"name\":\"Bonisson Art Center\",\"item\":\"https:\/\/www.bonisson.com\/en\/bonisson-art-center\/\"},{\"@type\":\"ListItem\",\"position\":3,\"name\":\"Exposition actuelle\"}]}]}<\/script>\n<!-- \/ Yoast SEO plugin. -->","yoast_head_json":{"description":"Cette esth\u00e9tique du mouvement a en effet invent\u00e9 pour l\u2019abstraction un nouveau langage cr\u00e9atif o\u00f9 l\u2019utilisation d\u2019\u00e9l\u00e9ments physiques et de formes g\u00e9om\u00e9triques g\u00e9n\u00e8re des ph\u00e9nom\u00e8nes optiques jouant sur l\u2019instabilit\u00e9 du r\u00e9el et renouvelant la perception de l\u2019espace par le spectateur","robots":{"index":"index","follow":"follow","max-snippet":"max-snippet:-1","max-image-preview":"max-image-preview:large","max-video-preview":"max-video-preview:-1"},"canonical":"https:\/\/www.bonisson.com\/en\/bonisson-art-center\/deux-et-deux-font-un\/","og_locale":"en_US","og_type":"article","og_title":"Deux et deux font un | Bonisson Art Center","og_description":"Cette esth\u00e9tique du mouvement a en effet invent\u00e9 pour l\u2019abstraction un nouveau langage cr\u00e9atif o\u00f9 l\u2019utilisation d\u2019\u00e9l\u00e9ments physiques et de formes g\u00e9om\u00e9triques g\u00e9n\u00e8re des ph\u00e9nom\u00e8nes optiques jouant sur l\u2019instabilit\u00e9 du r\u00e9el et renouvelant la perception de l\u2019espace par le spectateur","og_url":"https:\/\/www.bonisson.com\/en\/bonisson-art-center\/deux-et-deux-font-un\/","og_site_name":"Ch\u00e2teau Bonisson","article_modified_time":"2024-09-12T11:09:04+00:00","twitter_card":"summary_large_image","schema":{"@context":"https:\/\/schema.org","@graph":[{"@type":"Organization","@id":"https:\/\/www.bonisson.com\/#organization","name":"Bonisson","url":"https:\/\/www.bonisson.com\/","sameAs":[],"logo":{"@type":"ImageObject","@id":"https:\/\/www.bonisson.com\/#logo","inLanguage":"en-US","url":"https:\/\/www.bonisson.com\/wp-content\/uploads\/2020\/07\/logo-bonisson_normal.png","contentUrl":"https:\/\/www.bonisson.com\/wp-content\/uploads\/2020\/07\/logo-bonisson_normal.png","width":241,"height":90,"caption":"Bonisson"},"image":{"@id":"https:\/\/www.bonisson.com\/#logo"}},{"@type":"WebSite","@id":"https:\/\/www.bonisson.com\/#website","url":"https:\/\/www.bonisson.com\/","name":"Ch\u00e2teau Bonisson","description":"La Fresh Perspective","publisher":{"@id":"https:\/\/www.bonisson.com\/#organization"},"potentialAction":[{"@type":"SearchAction","target":{"@type":"EntryPoint","urlTemplate":"https:\/\/www.bonisson.com\/?s={search_term_string}"},"query-input":"required name=search_term_string"}],"inLanguage":"en-US"},{"@type":"WebPage","@id":"https:\/\/www.bonisson.com\/en\/bonisson-art-center\/deux-et-deux-font-un\/#webpage","url":"https:\/\/www.bonisson.com\/en\/bonisson-art-center\/deux-et-deux-font-un\/","name":"Deux et deux font un | Bonisson Art Center","isPartOf":{"@id":"https:\/\/www.bonisson.com\/#website"},"datePublished":"2023-04-25T15:45:08+00:00","dateModified":"2024-09-12T11:09:04+00:00","description":"Cette esth\u00e9tique du mouvement a en effet invent\u00e9 pour l\u2019abstraction un nouveau langage cr\u00e9atif o\u00f9 l\u2019utilisation d\u2019\u00e9l\u00e9ments physiques et de formes g\u00e9om\u00e9triques g\u00e9n\u00e8re des ph\u00e9nom\u00e8nes optiques jouant sur l\u2019instabilit\u00e9 du r\u00e9el et renouvelant la perception de l\u2019espace par le spectateur","breadcrumb":{"@id":"https:\/\/www.bonisson.com\/en\/bonisson-art-center\/deux-et-deux-font-un\/#breadcrumb"},"inLanguage":"en-US","potentialAction":[{"@type":"ReadAction","target":["https:\/\/www.bonisson.com\/en\/bonisson-art-center\/deux-et-deux-font-un\/"]}]},{"@type":"BreadcrumbList","@id":"https:\/\/www.bonisson.com\/en\/bonisson-art-center\/deux-et-deux-font-un\/#breadcrumb","itemListElement":[{"@type":"ListItem","position":1,"name":"Accueil","item":"https:\/\/www.bonisson.com\/en\/"},{"@type":"ListItem","position":2,"name":"Bonisson Art Center","item":"https:\/\/www.bonisson.com\/en\/bonisson-art-center\/"},{"@type":"ListItem","position":3,"name":"Exposition actuelle"}]}]}},"_links":{"self":[{"href":"https:\/\/www.bonisson.com\/en\/wp-json\/wp\/v2\/pages\/2498"}],"collection":[{"href":"https:\/\/www.bonisson.com\/en\/wp-json\/wp\/v2\/pages"}],"about":[{"href":"https:\/\/www.bonisson.com\/en\/wp-json\/wp\/v2\/types\/page"}],"author":[{"embeddable":true,"href":"https:\/\/www.bonisson.com\/en\/wp-json\/wp\/v2\/users\/2"}],"replies":[{"embeddable":true,"href":"https:\/\/www.bonisson.com\/en\/wp-json\/wp\/v2\/comments?post=2498"}],"version-history":[{"count":28,"href":"https:\/\/www.bonisson.com\/en\/wp-json\/wp\/v2\/pages\/2498\/revisions"}],"predecessor-version":[{"id":3394,"href":"https:\/\/www.bonisson.com\/en\/wp-json\/wp\/v2\/pages\/2498\/revisions\/3394"}],"up":[{"embeddable":true,"href":"https:\/\/www.bonisson.com\/en\/wp-json\/wp\/v2\/pages\/440"}],"wp:attachment":[{"href":"https:\/\/www.bonisson.com\/en\/wp-json\/wp\/v2\/media?parent=2498"}],"curies":[{"name":"wp","href":"https:\/\/api.w.org\/{rel}","templated":true}]}}